{"id":57,"date":"2025-05-28T10:31:30","date_gmt":"2025-05-28T08:31:30","guid":{"rendered":"http:\/\/ww3.sv-kutenholz.de\/?page_id=57"},"modified":"2025-06-05T09:40:57","modified_gmt":"2025-06-05T07:40:57","slug":"vorstand","status":"publish","type":"page","link":"https:\/\/sv-kutenholz.de\/news\/vorstand\/","title":{"rendered":"Vorstand"},"content":{"rendered":"\n<h2 class=\"wp-block-heading has-text-align-left\"><strong>Gesch\u00e4ftsf\u00fchrender Vorstand<\/strong><\/h2>\n\n\n\n<div class=\"wp-block-group alignwide has-global-padding is-layout-constrained wp-block-group-is-layout-constrained\">\n<figure class=\"wp-block-table alignfull is-style-stripes has-medium-font-size\" style=\"padding-top:0;padding-right:0;padding-bottom:0;padding-left:0\"><table class=\"has-background has-fixed-layout\" style=\"background-color:#416742;border-style:none;border-width:0px\"><tbody><tr><td>Pr\u00e4sident<\/td><td>Jens de Waal<\/td><td class=\"has-text-align-left\" data-align=\"left\"><img loading=\"lazy\" decoding=\"async\" width=\"150\" height=\"199\" class=\"wp-image-63\" style=\"width: 150px;\" src=\"http:\/\/ww3.sv-kutenholz.de\/wp-content\/uploads\/2025\/05\/2024_de_Waal_Jens.jpg\" alt=\"\"><\/td><\/tr><tr><td>Neue Str. 7<\/td><td>27449 Kutenholz<\/td><td class=\"has-text-align-left\" data-align=\"left\">Tel.&nbsp;04762\/3639730<\/td><\/tr><tr><td>stellv. Pr\u00e4sident<\/td><td>Jost Stelling<\/td><td class=\"has-text-align-left\" data-align=\"left\"><img loading=\"lazy\" decoding=\"async\" width=\"150\" height=\"198\" class=\"wp-image-74\" style=\"width: 150px;\" src=\"http:\/\/ww3.sv-kutenholz.de\/wp-content\/uploads\/2025\/05\/2024_Stelling_Jost.jpg\" alt=\"\"><\/td><\/tr><tr><td><\/td><td>27449 Kutenholz<\/td><td class=\"has-text-align-left\" data-align=\"left\"><\/td><\/tr><tr><td>stellv. Pr\u00e4sidentin<\/td><td>Laura M\u00fcller<\/td><td class=\"has-text-align-left\" data-align=\"left\"><img loading=\"lazy\" decoding=\"async\" width=\"150\" height=\"207\" class=\"wp-image-72\" style=\"width: 150px;\" src=\"http:\/\/ww3.sv-kutenholz.de\/wp-content\/uploads\/2025\/05\/2024_Mueller_Laura.jpg\" alt=\"\"><\/td><\/tr><tr><td>Lange Str.<\/td><td>27449 Kutenholz<\/td><td class=\"has-text-align-left\" data-align=\"left\">Tel. 04762\/9237733<\/td><\/tr><tr><td>Rechnungsf\u00fchrer<\/td><td>Heinz Hauschild<\/td><td class=\"has-text-align-left\" data-align=\"left\"><img loading=\"lazy\" decoding=\"async\" width=\"150\" height=\"214\" class=\"wp-image-70\" style=\"width: 150px;\" src=\"http:\/\/ww3.sv-kutenholz.de\/wp-content\/uploads\/2025\/05\/2024_Hauschild_Heinz.jpg\" alt=\"\"><\/td><\/tr><tr><td>Lange Str. 4<\/td><td>27449 Kutenholz<\/td><td class=\"has-text-align-left\" data-align=\"left\">Tel. 04762\/1657<br>Fax: 04762\/183711<br>hauschild-heinz[at]t-online.de<\/td><\/tr><\/tbody><\/table><\/figure>\n<\/div>\n\n\n\n<h2 class=\"wp-block-heading\"><strong>Erweiterter Vorstand<\/strong><\/h2>\n\n\n\n<figure class=\"wp-block-table alignwide is-style-stripes has-medium-font-size\"><table class=\"has-background has-fixed-layout\" style=\"background-color:#416742\"><tbody><tr><td>Sportleiter<\/td><td>Edwin Geid<\/td><td><img loading=\"lazy\" decoding=\"async\" width=\"150\" height=\"217\" class=\"wp-image-66\" style=\"width: 150px;\" src=\"http:\/\/ww3.sv-kutenholz.de\/wp-content\/uploads\/2025\/05\/2024_Geid_Edwin.jpg\" alt=\"\"><\/td><\/tr><tr><td>Sch\u00fctzenstra\u00dfe 15<\/td><td>27449 Kutenholz<\/td><td>Tel. 04762\/1016<\/td><\/tr><tr><td>Schriftf\u00fchrerin<\/td><td>Madlen Engelhardt<\/td><td><img loading=\"lazy\" decoding=\"async\" width=\"150\" height=\"218\" class=\"wp-image-64\" style=\"width: 150px;\" src=\"http:\/\/ww3.sv-kutenholz.de\/wp-content\/uploads\/2025\/05\/2024_Engelhardt_Madlen.jpg\" alt=\"\"><\/td><\/tr><tr><td><\/td><td>27449 Kutenholz<\/td><td>Tel. 0171 4024257<br>mengelhardt42[at]web.de<\/td><\/tr><tr><td>Damenleiterin<\/td><td>Kirsten Damman<\/td><td><img loading=\"lazy\" decoding=\"async\" width=\"150\" height=\"218\" class=\"wp-image-62\" style=\"width: 150px;\" src=\"http:\/\/ww3.sv-kutenholz.de\/wp-content\/uploads\/2025\/05\/2024_Dammann_Kirsten.jpg\" alt=\"\"><\/td><\/tr><tr><td>Sch\u00fctzenstr. 11<\/td><td>27449 Kutenholz<\/td><td>Tel. 04762\/3639143<br>Mobil: 016096817939<\/td><\/tr><tr><td>stellv. Sportleiter<\/td><td>Rolf Henn<\/td><td><img loading=\"lazy\" decoding=\"async\" width=\"150\" height=\"199\" class=\"wp-image-73\" style=\"width: 150px;\" src=\"http:\/\/ww3.sv-kutenholz.de\/wp-content\/uploads\/2025\/05\/2024_Rolf_Henn.jpg\" alt=\"\"><\/td><\/tr><tr><td>Langes Feld 26<\/td><td>27449 Kutenholz<\/td><td><\/td><\/tr><tr><td>Jugendsportleiter<\/td><td>Stefan Grau<\/td><td><img loading=\"lazy\" decoding=\"async\" width=\"150\" height=\"217\" class=\"wp-image-67\" style=\"width: 150px;\" src=\"http:\/\/ww3.sv-kutenholz.de\/wp-content\/uploads\/2025\/05\/2024_Grau_Stefan.jpg\" alt=\"\"><\/td><\/tr><tr><td><\/td><td>27449 Kutenholz<\/td><td>mobil: 0176-44416941<\/td><\/tr><tr><td>stellv. Jugendsportleiterin<\/td><td>Rieke Behrendt<\/td><td><img loading=\"lazy\" decoding=\"async\" width=\"150\" height=\"150\" class=\"wp-image-76\" style=\"width: 150px;\" src=\"http:\/\/ww3.sv-kutenholz.de\/wp-content\/uploads\/2025\/05\/kopf_kein_foto.jpg\" alt=\"\"><\/td><\/tr><tr><td><\/td><td>27449 Kutenholz<\/td><td><\/td><\/tr><tr><td>1. Waffen- u. Ger\u00e4tewart<\/td><td>Frank Hoferichter<\/td><td><img loading=\"lazy\" decoding=\"async\" width=\"150\" height=\"216\" class=\"wp-image-71\" style=\"width: 150px;\" src=\"http:\/\/ww3.sv-kutenholz.de\/wp-content\/uploads\/2025\/05\/2024_Hoferichter_Frank.jpg\" alt=\"\"><\/td><\/tr><tr><td>Schuetzenstr. 21<\/td><td>27449 Kutenholz<\/td><td>Tel. 04762\/1276<\/td><\/tr><tr><td>2. Waffen- u. Ger\u00e4tewart<\/td><td>Alexander Geid<\/td><td><img loading=\"lazy\" decoding=\"async\" width=\"150\" height=\"200\" class=\"wp-image-65\" style=\"width: 150px;\" src=\"http:\/\/ww3.sv-kutenholz.de\/wp-content\/uploads\/2025\/05\/2024_Geid_Alexander.jpg\" alt=\"\"><\/td><\/tr><tr><td>Im Ellerbusch 11<\/td><td>27449 Kutenholz<\/td><td>Tel. 01717818923<\/td><\/tr><tr><td>Pressewartin<\/td><td>Laura M\u00fcller<\/td><td><img loading=\"lazy\" decoding=\"async\" width=\"150\" height=\"207\" class=\"wp-image-72\" style=\"width: 150px;\" src=\"http:\/\/ww3.sv-kutenholz.de\/wp-content\/uploads\/2025\/05\/2024_Mueller_Laura.jpg\" alt=\"\"><\/td><\/tr><tr><td>Raifeisenstr. 33<\/td><td>27449 Kutenholz<\/td><td>Tel. 04762\/9237733<\/td><\/tr><tr><td>Kommandeur<\/td><td>Ingmar Dammann<\/td><td><img loading=\"lazy\" decoding=\"async\" width=\"150\" height=\"199\" class=\"wp-image-61\" style=\"width: 150px;\" src=\"http:\/\/ww3.sv-kutenholz.de\/wp-content\/uploads\/2025\/05\/2024_Dammann_Ingmar.jpg\" alt=\"\"><\/td><\/tr><tr><td>Sch\u00fctzenstr. 11<\/td><td>27449 Kutenholz<\/td><td><\/td><\/tr><tr><td>Jungsch\u00fctzenvertreterin<\/td><td>Lara Tipke<\/td><td><img loading=\"lazy\" decoding=\"async\" width=\"150\" height=\"219\" class=\"wp-image-75\" style=\"width: 150px;\" src=\"http:\/\/ww3.sv-kutenholz.de\/wp-content\/uploads\/2025\/05\/2024_Tipke_Lara.jpg\" alt=\"\"><\/td><\/tr><tr><td><\/td><td>27449 Kutenholz<\/td><td><\/td><\/tr><tr><td>stellv. Jungsch\u00fctzenvertreterin<\/td><td>Lene Henrieke Hariefeld<\/td><td><img loading=\"lazy\" decoding=\"async\" width=\"150\" height=\"205\" class=\"wp-image-69\" style=\"width: 150px;\" src=\"http:\/\/ww3.sv-kutenholz.de\/wp-content\/uploads\/2025\/05\/2024_Hariefeld_Lene_Henrieke.jpg\" alt=\"\"><\/td><\/tr><tr><td><\/td><td>27449 Kutenholz<\/td><td><\/td><\/tr><tr><td>Kassenwartin Jungsch\u00fctzen<\/td><td>Anna Sophie Hariefeld<\/td><td><img loading=\"lazy\" decoding=\"async\" width=\"150\" height=\"204\" class=\"wp-image-68\" style=\"width: 150px;\" src=\"http:\/\/ww3.sv-kutenholz.de\/wp-content\/uploads\/2025\/05\/2024_Hariefeld_Anna_Sophie.jpg\" alt=\"\"><\/td><\/tr><tr><td><\/td><td>27449 Kutenholz<\/td><td><\/td><\/tr><\/tbody><\/table><\/figure>\n\n\n\n<p>Desweiteren geh\u00f6ren noch K\u00f6nig und K\u00f6nigin (mit Stimmrecht) und die Adjutanten (ohne Stimmrecht) in ihrer Amtszeit dem Vorstand an.<\/p>\n\n\n\n<h2 class=\"wp-block-heading\"><strong>Ehrenmitglieder<\/strong><\/h2>\n\n\n\n<figure class=\"wp-block-table\"><table class=\"has-fixed-layout\"><tbody><tr><td>Ehren-Pr\u00e4sident<\/td><td>Erich Stelling<\/td><td><img loading=\"lazy\" decoding=\"async\" width=\"150\" height=\"150\" class=\"wp-image-77\" style=\"width: 150px;\" src=\"http:\/\/ww3.sv-kutenholz.de\/wp-content\/uploads\/2025\/05\/erich.jpg\" alt=\"\"><\/td><\/tr><tr><td>Ehren-Pr\u00e4sident<\/td><td>Bernd Mehrkens<\/td><td><img loading=\"lazy\" decoding=\"async\" width=\"150\" height=\"161\" class=\"wp-image-60\" style=\"width: 150px;\" src=\"http:\/\/ww3.sv-kutenholz.de\/wp-content\/uploads\/2025\/05\/2016_mehrkens_bernd.jpg\" alt=\"\"><\/td><\/tr><tr><td>Ehren-Mitglied<\/td><td>Reinar Engelhardt<\/td><td><img loading=\"lazy\" decoding=\"async\" width=\"150\" height=\"161\" class=\"wp-image-59\" style=\"width: 150px;\" src=\"http:\/\/ww3.sv-kutenholz.de\/wp-content\/uploads\/2025\/05\/2016_engelhardt_reinar.jpg\" alt=\"\"><\/td><\/tr><tr><td>Ehren-Mitglied<\/td><td>Elke Engelhardt (F)<\/td><td><img decoding=\"async\" class=\"wp-image-77\" style=\"width: 150px;\" src=\"https:\/\/ww3.sv-kutenholz.de\/wp-content\/uploads\/2025\/06\/elke.jpg\" alt=\"\"><\/td><\/tr><\/tbody><\/table><\/figure>\n","protected":false},"excerpt":{"rendered":"<p>Gesch\u00e4ftsf\u00fchrender Vorstand Pr\u00e4sident Jens de Waal Neue Str. 7 27449 Kutenholz Tel.&nbsp;04762\/3639730 stellv. Pr\u00e4sident Jost Stelling 27449 Kutenholz stellv. Pr\u00e4sidentin Laura M\u00fcller Lange Str. 27449 Kutenholz Tel. 04762\/9237733 Rechnungsf\u00fchrer Heinz [&hellip;]<\/p>\n","protected":false},"author":1,"featured_media":0,"parent":0,"menu_order":0,"comment_status":"closed","ping_status":"closed","template":"","meta":{"_EventAllDay":false,"_EventTimezone":"","_EventStartDate":"","_EventEndDate":"","_EventStartDateUTC":"","_EventEndDateUTC":"","_EventShowMap":false,"_EventShowMapLink":false,"_EventURL":"","_EventCost":"","_EventCostDescription":"","_EventCurrencySymbol":"","_EventCurrencyCode":"","_EventCurrencyPosition":"","_EventDateTimeSeparator":"","_EventTimeRangeSeparator":"","_EventOrganizerID":[],"_EventVenueID":[],"_OrganizerEmail":"","_OrganizerPhone":"","_OrganizerWebsite":"","_VenueAddress":"","_VenueCity":"","_VenueCountry":"","_VenueProvince":"","_VenueState":"","_VenueZip":"","_VenuePhone":"","_VenueURL":"","_VenueStateProvince":"","_VenueLat":"","_VenueLng":"","_VenueShowMap":false,"_VenueShowMapLink":false,"footnotes":""},"class_list":["post-57","page","type-page","status-publish","hentry"],"_links":{"self":[{"href":"https:\/\/sv-kutenholz.de\/news\/wp-json\/wp\/v2\/pages\/57","targetHints":{"allow":["GET"]}}],"collection":[{"href":"https:\/\/sv-kutenholz.de\/news\/wp-json\/wp\/v2\/pages"}],"about":[{"href":"https:\/\/sv-kutenholz.de\/news\/wp-json\/wp\/v2\/types\/page"}],"author":[{"embeddable":true,"href":"https:\/\/sv-kutenholz.de\/news\/wp-json\/wp\/v2\/users\/1"}],"replies":[{"embeddable":true,"href":"https:\/\/sv-kutenholz.de\/news\/wp-json\/wp\/v2\/comments?post=57"}],"version-history":[{"count":15,"href":"https:\/\/sv-kutenholz.de\/news\/wp-json\/wp\/v2\/pages\/57\/revisions"}],"predecessor-version":[{"id":373,"href":"https:\/\/sv-kutenholz.de\/news\/wp-json\/wp\/v2\/pages\/57\/revisions\/373"}],"wp:attachment":[{"href":"https:\/\/sv-kutenholz.de\/news\/wp-json\/wp\/v2\/media?parent=57"}],"curies":[{"name":"wp","href":"https:\/\/api.w.org\/{rel}","templated":true}]}}